{"id":8183,"date":"2023-07-24T11:19:19","date_gmt":"2023-07-24T09:19:19","guid":{"rendered":"https:\/\/www.intec-international.com\/?page_id=8183"},"modified":"2023-07-24T11:19:19","modified_gmt":"2023-07-24T09:19:19","slug":"karriere","status":"publish","type":"page","link":"https:\/\/www.intec-international.com\/en\/karriere\/","title":{"rendered":"Be there when we digitise industry!"},"content":{"rendered":"<h1 class=\"wp-block-heading\" style=\"font-size:25px\"><strong>Presenting an attractive perspective!<br>Making the region a place worth living in with secure and fair jobs in a self-financed family business.<\/strong>&nbsp;<\/h1>\n\n\n\n<div style=\"height:100px\" aria-hidden=\"true\" class=\"wp-block-spacer\"><\/div>\n\n\n\n<h2 class=\"wp-block-heading has-medium-font-size\"><strong>A selection of benefits<\/strong><\/h2>\n\n\n\n<div class=\"wp-block-columns is-layout-flex wp-container-core-columns-is-layout-28f84493 wp-block-columns-is-layout-flex\">\n<div class=\"wp-block-column is-layout-flow wp-block-column-is-layout-flow\"><div class=\"wp-block-image\">\n<figure class=\"aligncenter size-full\"><img loading=\"lazy\" decoding=\"async\" width=\"126\" height=\"102\" src=\"https:\/\/www.intec-international.com\/wp-content\/uploads\/2021\/12\/VWLuBAV.png\" alt=\"\" class=\"wp-image-8019\" srcset=\"https:\/\/www.intec-international.com\/wp-content\/uploads\/2021\/12\/VWLuBAV.png 126w, https:\/\/www.intec-international.com\/wp-content\/uploads\/2021\/12\/VWLuBAV-15x12.png 15w\" sizes=\"auto, (max-width: 126px) 100vw, 126px\" \/><figcaption class=\"wp-element-caption\">BAV &amp; VWL<\/figcaption><\/figure><\/div><\/div>\n\n\n\n<div class=\"wp-block-column is-layout-flow wp-block-column-is-layout-flow\"><div class=\"wp-block-image\">\n<figure class=\"aligncenter size-full\"><img loading=\"lazy\" decoding=\"async\" width=\"101\" height=\"101\" src=\"http:\/\/www.intec-international.com\/wp-content\/uploads\/2021\/12\/Hybridwork.png\" alt=\"\" class=\"wp-image-8016\" srcset=\"https:\/\/www.intec-international.com\/wp-content\/uploads\/2021\/12\/Hybridwork.png 101w, https:\/\/www.intec-international.com\/wp-content\/uploads\/2021\/12\/Hybridwork-12x12.png 12w\" sizes=\"auto, (max-width: 101px) 100vw, 101px\" \/><figcaption class=\"wp-element-caption\">Hybrid-work<\/figcaption><\/figure><\/div><\/div>\n\n\n\n<div class=\"wp-block-column is-layout-flow wp-block-column-is-layout-flow\"><div class=\"wp-block-image\">\n<figure class=\"aligncenter size-full\"><img loading=\"lazy\" decoding=\"async\" width=\"97\" height=\"97\" src=\"http:\/\/www.intec-international.com\/wp-content\/uploads\/2021\/12\/EigeneIdeen.png\" alt=\"\" class=\"wp-image-8013\" srcset=\"https:\/\/www.intec-international.com\/wp-content\/uploads\/2021\/12\/EigeneIdeen.png 97w, https:\/\/www.intec-international.com\/wp-content\/uploads\/2021\/12\/EigeneIdeen-12x12.png 12w\" sizes=\"auto, (max-width: 97px) 100vw, 97px\" \/><figcaption class=\"wp-element-caption\">Realise your own ideas<\/figcaption><\/figure><\/div><\/div>\n<\/div>\n\n\n\n<div class=\"wp-block-columns is-layout-flex wp-container-core-columns-is-layout-28f84493 wp-block-columns-is-layout-flex\">\n<div class=\"wp-block-column is-layout-flow wp-block-column-is-layout-flow\"><div class=\"wp-block-image\">\n<figure class=\"aligncenter size-full\"><img loading=\"lazy\" decoding=\"async\" width=\"101\" height=\"101\" src=\"https:\/\/www.intec-international.com\/wp-content\/uploads\/2021\/12\/Paketannahme.png\" alt=\"\" class=\"wp-image-8017\" srcset=\"https:\/\/www.intec-international.com\/wp-content\/uploads\/2021\/12\/Paketannahme.png 101w, https:\/\/www.intec-international.com\/wp-content\/uploads\/2021\/12\/Paketannahme-12x12.png 12w\" sizes=\"auto, (max-width: 101px) 100vw, 101px\" \/><figcaption class=\"wp-element-caption\">Privat postal reception<\/figcaption><\/figure><\/div><\/div>\n\n\n\n<div class=\"wp-block-column is-layout-flow wp-block-column-is-layout-flow\"><div class=\"wp-block-image\">\n<figure class=\"aligncenter size-full\"><img loading=\"lazy\" decoding=\"async\" width=\"107\" height=\"101\" src=\"https:\/\/www.intec-international.com\/wp-content\/uploads\/2021\/12\/Getranke.png\" alt=\"\" class=\"wp-image-8015\" srcset=\"https:\/\/www.intec-international.com\/wp-content\/uploads\/2021\/12\/Getranke.png 107w, https:\/\/www.intec-international.com\/wp-content\/uploads\/2021\/12\/Getranke-13x12.png 13w\" sizes=\"auto, (max-width: 107px) 100vw, 107px\" \/><figcaption class=\"wp-element-caption\">Free beverages<\/figcaption><\/figure><\/div><\/div>\n\n\n\n<div class=\"wp-block-column is-layout-flow wp-block-column-is-layout-flow\"><div class=\"wp-block-image\">\n<figure class=\"aligncenter size-full\"><img loading=\"lazy\" decoding=\"async\" width=\"97\" height=\"101\" src=\"https:\/\/www.intec-international.com\/wp-content\/uploads\/2021\/12\/Events.png\" alt=\"\" class=\"wp-image-8014\" srcset=\"https:\/\/www.intec-international.com\/wp-content\/uploads\/2021\/12\/Events.png 97w, https:\/\/www.intec-international.com\/wp-content\/uploads\/2021\/12\/Events-12x12.png 12w\" sizes=\"auto, (max-width: 97px) 100vw, 97px\" \/><figcaption class=\"wp-element-caption\">Events &amp; Excursions<\/figcaption><\/figure><\/div><\/div>\n<\/div>\n\n\n<div class=\"job-postings-filters clearfix filter-style-1 no-category-filter\"><div class=\"jobs-search\"><form method=\"GET\" action=\"\" data-trp-original-action=\"\"><input type=\"hidden\" value=\"\" name=\"job-category\"><input class=\"job-search\" type=\"text\" placeholder=\"Vacancy Search\" value=\"\" name=\"job-search\"><button class=\"job-search-submit\"><svg width=\"0px\" height=\"0px\" version=\"1.1\" xmlns=\"http:\/\/www.w3.org\/2000\/svg\" xmlns:xlink=\"http:\/\/www.w3.org\/1999\/xlink\" x=\"0px\" y=\"0px\"\r\n\t viewbox=\"0 0 56.966 56.966\" xml:space=\"preserve\">\r\n<path d=\"M55.146,51.887L41.588,37.786c3.486-4.144,5.396-9.358,5.396-14.786c0-12.682-10.318-23-23-23s-23,10.318-23,23\ts10.318,23,23,23c4.761,0,9.298-1.436,13.177-4.162l13.661,14.208c0.571,0.593,1.339,0.92,2.162,0.92\tc0.779,0,1.518-0.297,2.079-0.837C56.255,54.982,56.293,53.08,55.146,51.887z M23.984,6c9.374,0,17,7.626,17,17s-7.626,17-17,17\ts-17-7.626-17-17S14.61,6,23.984,6z\"\/>\r\n\r\n<\/svg>\r\n<\/button><input type=\"hidden\" name=\"trp-form-language\" value=\"en\"\/><\/form><\/div><\/div><div class=\"job-listing row clearfix\"><div class=\"column medium-12 col-md-12\"><div class=\"no-jobs-available\"><p>Currently no job offers available.<\/p><\/div><\/div><\/div>\n\n\n<div class=\"n2_clear\"><ss3-force-full-width data-overflow-x=\"body\" data-horizontal-selector=\"body\"><div class=\"n2-section-smartslider fitvidsignore  n2_clear\" data-ssid=\"3\"><div id=\"n2-ss-3-align\" class=\"n2-ss-align\"><div class=\"n2-padding\"><div id=\"n2-ss-3\" data-creator=\"Smart Slider 3\" data-responsive=\"fullwidth\" class=\"n2-ss-slider n2-ow n2-has-hover n2notransition\"><div class=\"n2-ss-slider-wrapper-inside\">\n        <div class=\"n2-ss-slider-1 n2_ss__touch_element n2-ow\">\n            <div class=\"n2-ss-slider-2 n2-ow\">\n                                                <div class=\"n2-ss-slider-3 n2-ow\">\n\n                    <div class=\"n2-ss-slide-backgrounds n2-ow-all\"><div class=\"n2-ss-slide-background\" data-public-id=\"1\" data-mode=\"fill\"><div data-color=\"RGBA(255,255,255,0)\" style=\"background-color: RGBA(255,255,255,0);\" class=\"n2-ss-slide-background-color\"><\/div><\/div><div class=\"n2-ss-slide-background\" data-public-id=\"2\" data-mode=\"fill\" aria-hidden=\"true\"><div data-color=\"RGBA(255,255,255,0)\" style=\"background-color: RGBA(255,255,255,0);\" class=\"n2-ss-slide-background-color\"><\/div><\/div><div class=\"n2-ss-slide-background\" data-public-id=\"3\" data-mode=\"fill\" aria-hidden=\"true\"><div data-color=\"RGBA(255,255,255,0)\" style=\"background-color: RGBA(255,255,255,0);\" class=\"n2-ss-slide-background-color\"><\/div><\/div><\/div>                    <div class=\"n2-ss-slider-4 n2-ow\">\n                        <svg xmlns=\"http:\/\/www.w3.org\/2000\/svg\" viewbox=\"0 0 1200 600\" data-related-device=\"desktopPortrait\" class=\"n2-ow n2-ss-preserve-size n2-ss-preserve-size--slider n2-ss-slide-limiter\"><\/svg><div data-first=\"1\" data-slide-duration=\"0\" data-id=\"6\" data-slide-public-id=\"1\" data-title=\"Ausbildung\" class=\"n2-ss-slide n2-ow  n2-ss-slide-6\"><div role=\"note\" class=\"n2-ss-slide--focus\" tabindex=\"-1\">Ausbildung<\/div><div class=\"n2-ss-layers-container n2-ss-slide-limiter n2-ow\"><div class=\"n2-ss-layer n2-ow n-uc-ja9WEMnNHbye\" data-sstype=\"slide\" data-pm=\"default\"><div class=\"n2-ss-layer n2-ow n-uc-dHYuOoElptil\" data-pm=\"default\" data-sstype=\"content\" data-hasbackground=\"1\"><div class=\"n2-ss-section-main-content n2-ss-layer-with-background n2-ss-layer-content n2-ow n-uc-dHYuOoElptil-inner\"><div class=\"n2-ss-layer n2-ow n-uc-mxg5Bh4h1DfZ\" data-pm=\"normal\" data-sstype=\"layer\"><div id=\"n2-ss-3item1\" class=\"n2-font-32443cc274736deb22238a055efb605f-hover   n2-ss-item-content n2-ss-text n2-ow\" style=\"display:block;\">Ausbildungsm\u00f6glichkeiten<\/div><\/div><div class=\"n2-ss-layer n2-ow n-uc-aEdnNBUjvAFP\" data-pm=\"normal\" data-sstype=\"layer\"><div class=\"n2-ss-item-content n2-ss-text n2-ow-all\"><div class=\"\"><p class=\"n2-font-2f0572225fb6453f095a6db97f839431-paragraph\">Bei der INTEC International GmbH arbeitet ein Team von IT-Spezialist:innen an spannenden Projekten f\u00fcr nationale<br \/>\n und internationale Kund:innen. Gerne geben wir unser Wissen weiter und bilden daher zuk\u00fcnftige Kaufleute f\u00fcr IT-Systemmanagement<br \/>\nund Fachinformatiker:innen aus.<br \/>\n<br \/>\nDu w\u00fcrdest gerne wissen wie man<br \/>\nHardware und Software vergleicht, bestellen und einsetzen kann<br \/>\n IT-Systeme richtig installiert Im Vertrieb den Kundenkontakt aufrechterh\u00e4lt und informiert<br \/>\nWie man die Firma auf Messen vorstellt und vertritt Software entwickelt und programmiert<br \/>\nDann bist Du bei uns genau richtig! Eines solltest Du noch wissen bevor du dich bei uns bewirbst<br \/>\nBring uns doch bitte<br \/>\n<br \/>eine Gute Mittlere Reife, Fachabitur oder Abitur<br \/>\nFreude im Umgang mit IT Zuverl\u00e4ssigkeit, Sorgfalt und Genauigkeit mit.<\/p>\n<\/div><\/div><\/div><div class=\"n2-ss-layer n2-ow n-uc-WpVhrlpv4Hia\" data-pm=\"normal\" data-sstype=\"layer\"><div class=\"n2-ss-item-content n2-ss-text n2-ow-all\"><div class=\"\"><p class=\"n2-font-9dc7fbbb871bfaa8e479013ee95fba0f-paragraph\">Bei der INTEC International GmbH arbeitet ein Team von IT-Spezialisten an spannenden <\/p>\n<\/div><\/div><\/div><div class=\"n2-ss-layer n2-ow n-uc-qHosNFDs18BX n2-ss-layer--auto\" data-pm=\"normal\" data-sstype=\"layer\"><div class=\"n2-ss-button-container n2-ss-item-content n2-ow n2-font-b0a8cb680078008da07119498477de34-link  n2-ss-nowrap n2-ss-button-container--non-full-width\"><a class=\"n2-style-5c7bde3943d9b09afcb6910ee618ce30-heading  n2-ow\" target=\"_blank\" href=\"mailto:kontakt@intec-international.com\"><div><div>Jetzt auf Ausbildungspl\u00e4tze Bewerben<\/div><\/div><\/a><\/div><\/div><\/div><\/div><\/div><\/div><\/div><div data-slide-duration=\"0\" data-id=\"7\" data-slide-public-id=\"2\" aria-hidden=\"true\" data-title=\"Duales Studium\" class=\"n2-ss-slide n2-ow  n2-ss-slide-7\"><div role=\"note\" class=\"n2-ss-slide--focus\" tabindex=\"-1\">Duales Studium<\/div><div class=\"n2-ss-layers-container n2-ss-slide-limiter n2-ow\"><div class=\"n2-ss-layer n2-ow n-uc-ao3TBjcHKasr\" data-sstype=\"slide\" data-pm=\"default\"><div class=\"n2-ss-layer n2-ow n-uc-82hs28Xnv9sF\" data-pm=\"default\" data-sstype=\"content\" data-hasbackground=\"1\"><div class=\"n2-ss-section-main-content n2-ss-layer-with-background n2-ss-layer-content n2-ow n-uc-82hs28Xnv9sF-inner\"><div class=\"n2-ss-layer n2-ow n-uc-Oq11MgyDu8vu\" data-pm=\"normal\" data-sstype=\"layer\"><div id=\"n2-ss-3item5\" class=\"n2-font-32443cc274736deb22238a055efb605f-hover   n2-ss-item-content n2-ss-text n2-ow\" style=\"display:block;\">Duales Studium<\/div><\/div><div class=\"n2-ss-layer n2-ow n-uc-i0tKm9Rd9w2s\" data-pm=\"normal\" data-sstype=\"layer\"><div class=\"n2-ss-item-content n2-ss-text n2-ow-all\"><div class=\"\"><p class=\"n2-font-2f0572225fb6453f095a6db97f839431-paragraph\">Da wir von dem System aus Studium und Praktika begeistert sind,<br \/>\nbieten wir in Zusammenarbeit mit der Dualen Hochschule Stuttgart am Campus Horb Studienpl\u00e4tze<br \/>\nin der Fachrichtung Angewandte Informatik an.<br \/>\n<br \/>Studienverlauf<br \/>\nDie Studiendauer betr\u00e4gt sechs Semester.<br \/>\nJedes Semester besteht aus einem Block an der Dualen Hochschule und einem Block in unserem Unternehmen.<br \/>\n<br \/>Abschluss<br \/>\n Bachelor of Science (B.Sc.) \u2013 Angewandte Informatik<br \/>\n<br \/>Voraussetzung<br \/>\nFachhochschulreife oder Hochschulreife (fachgebundene Hochschulreife)<\/p>\n<\/div><\/div><\/div><div class=\"n2-ss-layer n2-ow n-uc-k667gsPhvcO8\" data-pm=\"normal\" data-sstype=\"layer\"><div class=\"n2-ss-item-content n2-ss-text n2-ow-all\"><div class=\"\"><p class=\"n2-font-9dc7fbbb871bfaa8e479013ee95fba0f-paragraph\">Bei der INTEC International GmbH arbeitet ein Team von IT-Spezialisten an spannenden <\/p>\n<\/div><\/div><\/div><div class=\"n2-ss-layer n2-ow n-uc-JvJNm0YfMu9F n2-ss-layer--auto\" data-pm=\"normal\" data-sstype=\"layer\"><div class=\"n2-ss-button-container n2-ss-item-content n2-ow n2-font-b0a8cb680078008da07119498477de34-link  n2-ss-nowrap n2-ss-button-container--non-full-width\"><a class=\"n2-style-5c7bde3943d9b09afcb6910ee618ce30-heading  n2-ow\" target=\"_blank\" href=\"mailto:kontakt@intec-international.com\"><div><div>Jetzt auf Studienpl\u00e4tze Bewerben<\/div><\/div><\/a><\/div><\/div><\/div><\/div><\/div><\/div><\/div><div data-slide-duration=\"0\" data-id=\"8\" data-slide-public-id=\"3\" aria-hidden=\"true\" data-title=\"Praktikum\" class=\"n2-ss-slide n2-ow  n2-ss-slide-8\"><div role=\"note\" class=\"n2-ss-slide--focus\" tabindex=\"-1\">Praktikum<\/div><div class=\"n2-ss-layers-container n2-ss-slide-limiter n2-ow\"><div class=\"n2-ss-layer n2-ow n-uc-q6lDOk1MZZw2\" data-sstype=\"slide\" data-pm=\"default\"><div class=\"n2-ss-layer n2-ow n-uc-drx3WiJMmyuJ\" data-pm=\"default\" data-sstype=\"content\" data-hasbackground=\"1\"><div class=\"n2-ss-section-main-content n2-ss-layer-with-background n2-ss-layer-content n2-ow n-uc-drx3WiJMmyuJ-inner\"><div class=\"n2-ss-layer n2-ow n-uc-DveYqIptNbVU\" data-pm=\"normal\" data-sstype=\"layer\"><div id=\"n2-ss-3item9\" class=\"n2-font-32443cc274736deb22238a055efb605f-hover   n2-ss-item-content n2-ss-text n2-ow\" style=\"display:block;\">Praktikum<\/div><\/div><div class=\"n2-ss-layer n2-ow n-uc-EI1ITxa8SzsV\" data-pm=\"normal\" data-sstype=\"layer\"><div class=\"n2-ss-item-content n2-ss-text n2-ow-all\"><div class=\"\"><p class=\"n2-font-2f0572225fb6453f095a6db97f839431-paragraph\">Schulisches oder studienbegleitendes Praktikum<br \/>\nDie INTEC International GmbH bietet interessierten Sch\u00fcler:innen und Studierenden die M\u00f6glichkeit<br \/>\nim Rahmen eines schulischen oder studienbegleitenden<br \/>\nPraktikums Erfahrungen im Berufsleben zu sammeln.<br \/>\n<br \/>Praktika f\u00fcr Sch\u00fclerinnen und Sch\u00fcler<br \/>\nSch\u00fcler:innen bieten wir die Gelegenheit, im Rahmen der Berufsorientierung an Realschulen (BORS) und Berufs- und<br \/>\nStudienorientierung an Gymnasien (BOGY) in den Berufsalltag unseres Unternehmens zu schnuppern<br \/>\nund somit erste praktische Erfahrungen zu sammeln.<br \/>\nHierbei erwarten Dich unter anderem Aufgaben in<br \/>\nden Bereichen Produktion, Marketing, \u00d6ffentlichkeitsarbeit und dem Einkauf.<br \/>\n<br \/>Praxissemester f\u00fcr Studierende, Bachelor- und Master Thesis<br \/>\nStudierenden bieten wir die Chance, ihre theoretische Ausbildung mit<br \/>\npraktischen T\u00e4tigkeiten und Erfahrungen durch die Mitarbeit an Projekten zu erweitern.<br \/>\nWir betreuen sie gerne bei ihrer Bachelor-\/Masterarbeit und freuen uns auf eine gute Zusammenarbeit.<\/p>\n<\/div><\/div><\/div><div class=\"n2-ss-layer n2-ow n-uc-z2Rg6wGr30LE\" data-pm=\"normal\" data-sstype=\"layer\"><div class=\"n2-ss-item-content n2-ss-text n2-ow-all\"><div class=\"\"><p class=\"n2-font-9dc7fbbb871bfaa8e479013ee95fba0f-paragraph\">Bei der INTEC International GmbH arbeitet ein Team von IT-Spezialisten an spannenden <\/p>\n<\/div><\/div><\/div><div class=\"n2-ss-layer n2-ow n-uc-Kg3Qh0chNcWI n2-ss-layer--auto\" data-pm=\"normal\" data-sstype=\"layer\"><div class=\"n2-ss-button-container n2-ss-item-content n2-ow n2-font-b0a8cb680078008da07119498477de34-link  n2-ss-nowrap n2-ss-button-container--non-full-width\"><a class=\"n2-style-5c7bde3943d9b09afcb6910ee618ce30-heading  n2-ow\" target=\"_blank\" href=\"mailto:kontakt@intec-international.com\"><div><div>Jetzt auf ein Praktikum Bewerben<\/div><\/div><\/a><\/div><\/div><\/div><\/div><\/div><\/div><\/div>                    <\/div>\n\n                                    <\/div>\n            <\/div>\n        <\/div>\n        <div class=\"n2-ss-slider-controls n2-ss-slider-controls-absolute-left-center\"><div style=\"--widget-offset:15px;\" class=\"n2-ss-widget nextend-arrow n2-ow-all nextend-arrow-previous  nextend-arrow-animated-fade\" data-hide-mobileportrait=\"1\" id=\"n2-ss-3-arrow-previous\" role=\"button\" aria-label=\"previous arrow\" tabindex=\"0\"><img loading=\"lazy\" decoding=\"async\" width=\"32\" height=\"32\" class=\"skip-lazy\" data-skip-lazy=\"1\" src=\"data:image\/svg+xml;base64,PHN2ZyB3aWR0aD0iMzIiIGhlaWdodD0iMzIiIHZpZXdCb3g9IjAgMCAzMiAzMiIgeG1sbnM9Imh0dHA6Ly93d3cudzMub3JnLzIwMDAvc3ZnIj4KICAgIDxwYXRoIGQ9Ik0xMS40MzMgMTUuOTkyTDIyLjY5IDUuNzEyYy4zOTMtLjM5LjM5My0xLjAzIDAtMS40Mi0uMzkzLS4zOS0xLjAzLS4zOS0xLjQyMyAwbC0xMS45OCAxMC45NGMtLjIxLjIxLS4zLjQ5LS4yODUuNzYtLjAxNS4yOC4wNzUuNTYuMjg0Ljc3bDExLjk4IDEwLjk0Yy4zOTMuMzkgMS4wMy4zOSAxLjQyNCAwIC4zOTMtLjQuMzkzLTEuMDMgMC0xLjQybC0xMS4yNTctMTAuMjkiCiAgICAgICAgICBmaWxsPSIjMDAwMDAwIiBvcGFjaXR5PSIxIiBmaWxsLXJ1bGU9ImV2ZW5vZGQiLz4KPC9zdmc+\" alt=\"previous arrow\"><\/div><\/div><div class=\"n2-ss-slider-controls n2-ss-slider-controls-absolute-right-center\"><div style=\"--widget-offset:15px;\" class=\"n2-ss-widget nextend-arrow n2-ow-all nextend-arrow-next  nextend-arrow-animated-fade\" data-hide-mobileportrait=\"1\" id=\"n2-ss-3-arrow-next\" role=\"button\" aria-label=\"next arrow\" tabindex=\"0\"><img loading=\"lazy\" decoding=\"async\" width=\"32\" height=\"32\" class=\"skip-lazy\" data-skip-lazy=\"1\" src=\"data:image\/svg+xml;base64,PHN2ZyB3aWR0aD0iMzIiIGhlaWdodD0iMzIiIHZpZXdCb3g9IjAgMCAzMiAzMiIgeG1sbnM9Imh0dHA6Ly93d3cudzMub3JnLzIwMDAvc3ZnIj4KICAgIDxwYXRoIGQ9Ik0xMC43MjIgNC4yOTNjLS4zOTQtLjM5LTEuMDMyLS4zOS0xLjQyNyAwLS4zOTMuMzktLjM5MyAxLjAzIDAgMS40MmwxMS4yODMgMTAuMjgtMTEuMjgzIDEwLjI5Yy0uMzkzLjM5LS4zOTMgMS4wMiAwIDEuNDIuMzk1LjM5IDEuMDMzLjM5IDEuNDI3IDBsMTIuMDA3LTEwLjk0Yy4yMS0uMjEuMy0uNDkuMjg0LS43Ny4wMTQtLjI3LS4wNzYtLjU1LS4yODYtLjc2TDEwLjcyIDQuMjkzeiIKICAgICAgICAgIGZpbGw9IiMwMDAwMDAiIG9wYWNpdHk9IjEiIGZpbGwtcnVsZT0iZXZlbm9kZCIvPgo8L3N2Zz4=\" alt=\"next arrow\"><\/div><\/div><\/div><\/div><ss3-loader><\/ss3-loader><\/div><\/div><div class=\"n2_clear\"><\/div><\/div><\/ss3-force-full-width><\/div>\n\n\n<h2 class=\"wp-block-heading has-medium-font-size\"><strong>Useful things for the application<\/strong><\/h2>\n\n\n\n<p>Send us your cover letter including your CV and current references.<\/p>\n\n\n\n<p>We want to avoid you having to write a lot in the cover letter.<\/p>\n\n\n\n<p>It is important for us to know how you became aware of us and why you would like to work with us.<\/p>\n\n\n\n<h2 class=\"wp-block-heading has-medium-font-size\"><strong>Application process<\/strong><\/h2>\n\n\n\n<div class=\"wp-block-columns is-layout-flex wp-container-core-columns-is-layout-28f84493 wp-block-columns-is-layout-flex\">\n<div class=\"wp-block-column is-layout-flow wp-block-column-is-layout-flow\">\n<h2 class=\"wp-block-heading has-medium-font-size\"><strong>Step 1<\/strong><\/h2>\n\n\n\n<p>After you have uploaded your application, you will receive a confirmation and the next steps via email.<\/p>\n\n\n\n<p>Approx. 1-2 days<\/p>\n<\/div>\n\n\n\n<div class=\"wp-block-column is-layout-flow wp-block-column-is-layout-flow\">\n<h2 class=\"wp-block-heading has-medium-font-size\"><strong>Step 2<\/strong><\/h2>\n\n\n\n<p>Afterwards, we look at your documents and coordinate with the respective departments.<\/p>\n\n\n\n<p>Approx. 1 week<\/p>\n<\/div>\n\n\n\n<div class=\"wp-block-column is-layout-flow wp-block-column-is-layout-flow\">\n<h2 class=\"wp-block-heading has-medium-font-size\"><strong>Step 3<\/strong><\/h2>\n\n\n\n<p>After checking your documents, we will definitely contact you. If everything fits, we will arrange a personal interview.<\/p>\n\n\n\n<p><\/p>\n<\/div>\n<\/div>\n\n\n\n<div style=\"height:100px\" aria-hidden=\"true\" class=\"wp-block-spacer\"><\/div>\n\n\n\n<div class=\"wp-block-columns is-layout-flex wp-container-core-columns-is-layout-28f84493 wp-block-columns-is-layout-flex\">\n<div class=\"wp-block-column is-layout-flow wp-block-column-is-layout-flow\"><div class=\"wp-block-image is-style-rounded\">\n<figure class=\"aligncenter size-full is-resized\"><img loading=\"lazy\" decoding=\"async\" src=\"https:\/\/www.intec-international.com\/wp-content\/uploads\/2021\/11\/C_Ludwig.jpg\" alt=\"\" class=\"wp-image-7996\" width=\"254\" height=\"380\" srcset=\"https:\/\/www.intec-international.com\/wp-content\/uploads\/2021\/11\/C_Ludwig.jpg 1335w, https:\/\/www.intec-international.com\/wp-content\/uploads\/2021\/11\/C_Ludwig-200x300.jpg 200w, https:\/\/www.intec-international.com\/wp-content\/uploads\/2021\/11\/C_Ludwig-768x1151.jpg 768w, https:\/\/www.intec-international.com\/wp-content\/uploads\/2021\/11\/C_Ludwig-1025x1536.jpg 1025w, https:\/\/www.intec-international.com\/wp-content\/uploads\/2021\/11\/C_Ludwig-8x12.jpg 8w\" sizes=\"auto, (max-width: 254px) 100vw, 254px\" \/><\/figure><\/div><\/div>\n\n\n\n<div class=\"wp-block-column is-layout-flow wp-block-column-is-layout-flow\">\n<h2 class=\"wp-block-heading has-medium-font-size\"><strong>Contact<\/strong><\/h2>\n\n\n\n<p>Christian Ludwig<br>Gesch\u00e4ftsf\u00fchrer<\/p>\n\n\n\n<p><a href=\"https:\/\/www.xing.com\/profile\/Christian_Ludwig156\/cv\" target=\"_blank\" rel=\"noreferrer noopener\">Xing<\/a><\/p>\n\n\n\n<p><a href=\"https:\/\/www.linkedin.com\/in\/christian-ludwig\/\" target=\"_blank\" rel=\"noreferrer noopener\">LinkedIn<\/a><\/p>\n\n\n\n<p><a href=\"mailto:kontakt@intec-international.com\">You are also welcome to send us an email!<\/a><\/p>\n\n\n\n<p>Telephone: 07477 \/ 91894 0<\/p>\n\n\n\n<p>INTEC International GmbH<br>Killertalstra\u00dfe 4<br>72379 Hechingen <\/p>\n<\/div>\n<\/div>\n\n\n\n<div style=\"height:100px\" aria-hidden=\"true\" class=\"wp-block-spacer\"><\/div>\n\n\n\n<h2 class=\"wp-block-heading has-medium-font-size\"><strong>Frequently asked questions before applying<\/strong><\/h2>\n\n\n\n<div class=\"wp-block-accordion-toggle-accordion-toggle\"><div class=\"eb-parent-wrapper eb-parent-eb-accordion-jm3l38m\"><div class=\"eb-accordion-container eb-accordion-jm3l38m\" data-accordion-type=\"toggle\" data-tab-icon=\"fas fa-angle-right\" data-expanded-icon=\"fas fa-angle-down\"><div class=\"eb-accordion-inner\">\n<div class=\"eb-accordion-item-d8vbvtw eb-accordion-wrapper\" data-clickable=\"false\"><div class=\"eb-accordion-title-wrapper\"><span class=\"eb-accordion-icon-wrapper\"><span class=\"fas fa-angle-right eb-accordion-icon\"><\/span><\/span><h3 class=\"eb-accordion-title\">Is working from a home office possible?<\/h3><\/div><div class=\"eb-accordion-content-wrapper\"><div class=\"eb-accordion-content\">\n<p>The possibility for home office is given in all areas where it is technically possible. We know that daily commuting times can be exhausting in the long run and of course we want our employees to feel comfortable during their working hours. However, some areas of work, such as our production or receiving department, are difficult to carry out from home.<\/p>\n<\/div><\/div><\/div>\n\n\n\n<div class=\"eb-accordion-item-8co3r3l eb-accordion-wrapper\" data-clickable=\"false\"><div class=\"eb-accordion-title-wrapper\"><span class=\"eb-accordion-icon-wrapper\"><span class=\"fas fa-angle-right eb-accordion-icon\"><\/span><\/span><h3 class=\"eb-accordion-title\">My report card at school\/training was not good, can I still apply?<\/h3><\/div><div class=\"eb-accordion-content-wrapper\"><div class=\"eb-accordion-content\">\n<p>In general: Yes. Grades are not everything. Of course, they are still important for us to see which areas of work are particularly suited to you. Of course, it also depends on your future field of work.<\/p>\n<\/div><\/div><\/div>\n\n\n\n<div class=\"eb-accordion-item-eznlnf2 eb-accordion-wrapper\" data-clickable=\"false\"><div class=\"eb-accordion-title-wrapper\"><span class=\"eb-accordion-icon-wrapper\"><span class=\"fas fa-angle-right eb-accordion-icon\"><\/span><\/span><h3 class=\"eb-accordion-title\">Do I need to have previous work experience?<\/h3><\/div><div class=\"eb-accordion-content-wrapper\"><div class=\"eb-accordion-content\">\n<p>That depends on what you want to work as with us. Of course, there are areas where a certain amount of work experience is an advantage. However, there are also other areas where this is not so important.<\/p>\n<\/div><\/div><\/div>\n<\/div><\/div><\/div><\/div>","protected":false},"excerpt":{"rendered":"<p>Eine attraktive Perspektive darstellen!Mit sicheren und fairen Arbeitspl\u00e4tzen in einem selbst finanzierten Familienunternehmen die Region zu einer Gegend machen, in der es sich zu leben lohnt.&nbsp; Eine Auswahl an Benefits N\u00fctzliches f\u00fcr die Bewerbung Sende uns Dein Anschreiben inkl. Lebenslauf und Deinen aktuellen Zeugnissen. Wir wollen beim Anschreiben vermeiden, dass [&hellip;]<\/p>","protected":false},"author":8,"featured_media":0,"parent":0,"menu_order":0,"comment_status":"closed","ping_status":"closed","template":"","meta":{"_eb_attr":"","_monsterinsights_skip_tracking":false,"_monsterinsights_sitenote_active":false,"_monsterinsights_sitenote_note":"","_monsterinsights_sitenote_category":0,"footnotes":""},"class_list":["post-8183","page","type-page","status-publish","hentry"],"yoast_head":"<!-- This site is optimized with the Yoast SEO plugin v26.8 - https:\/\/yoast.com\/product\/yoast-seo-wordpress\/ -->\n<title>Karriere &amp; Jobs bei INTEC International im Kreis Balingen<\/title>\n<meta name=\"description\" content=\"Sei dabei wenn wir die Industrie digitalisieren! Unser Team sucht im Kreis Balingen nach Verst\u00e4rkung. Nicht lange warten: Schreib uns an!\" \/>\n<meta name=\"robots\" content=\"index, follow, max-snippet:-1, max-image-preview:large, max-video-preview:-1\" \/>\n<link rel=\"canonical\" href=\"https:\/\/www.intec-international.com\/en\/karriere\/\" \/>\n<meta property=\"og:locale\" content=\"en_GB\" \/>\n<meta property=\"og:type\" content=\"article\" \/>\n<meta property=\"og:title\" content=\"Karriere &amp; Jobs bei INTEC International im Kreis Balingen\" \/>\n<meta property=\"og:description\" content=\"Sei dabei wenn wir die Industrie digitalisieren! Unser Team sucht im Kreis Balingen nach Verst\u00e4rkung. Nicht lange warten: Schreib uns an!\" \/>\n<meta property=\"og:url\" content=\"https:\/\/www.intec-international.com\/en\/karriere\/\" \/>\n<meta property=\"og:site_name\" content=\"INTEC International GmbH\" \/>\n<meta property=\"og:image\" content=\"https:\/\/www.intec-international.com\/wp-content\/uploads\/2021\/12\/VWLuBAV.png\" \/>\n<meta name=\"twitter:card\" content=\"summary_large_image\" \/>\n<meta name=\"twitter:label1\" content=\"Estimated reading time\" \/>\n\t<meta name=\"twitter:data1\" content=\"3 minutes\" \/>\n<!-- \/ Yoast SEO plugin. -->","yoast_head_json":{"title":"Karriere & Jobs bei INTEC International im Kreis Balingen","description":"Sei dabei wenn wir die Industrie digitalisieren! Unser Team sucht im Kreis Balingen nach Verst\u00e4rkung. Nicht lange warten: Schreib uns an!","robots":{"index":"index","follow":"follow","max-snippet":"max-snippet:-1","max-image-preview":"max-image-preview:large","max-video-preview":"max-video-preview:-1"},"canonical":"https:\/\/www.intec-international.com\/en\/karriere\/","og_locale":"en_GB","og_type":"article","og_title":"Karriere & Jobs bei INTEC International im Kreis Balingen","og_description":"Sei dabei wenn wir die Industrie digitalisieren! Unser Team sucht im Kreis Balingen nach Verst\u00e4rkung. Nicht lange warten: Schreib uns an!","og_url":"https:\/\/www.intec-international.com\/en\/karriere\/","og_site_name":"INTEC International GmbH","og_image":[{"url":"https:\/\/www.intec-international.com\/wp-content\/uploads\/2021\/12\/VWLuBAV.png","type":"","width":"","height":""}],"twitter_card":"summary_large_image","twitter_misc":{"Estimated reading time":"3 minutes"},"schema":{"@context":"https:\/\/schema.org","@graph":[{"@type":"WebPage","@id":"https:\/\/www.intec-international.com\/karriere\/","url":"https:\/\/www.intec-international.com\/karriere\/","name":"Karriere & Jobs bei INTEC International im Kreis Balingen","isPartOf":{"@id":"https:\/\/www.intec-international.com\/#website"},"primaryImageOfPage":{"@id":"https:\/\/www.intec-international.com\/karriere\/#primaryimage"},"image":{"@id":"https:\/\/www.intec-international.com\/karriere\/#primaryimage"},"thumbnailUrl":"https:\/\/www.intec-international.com\/wp-content\/uploads\/2021\/12\/VWLuBAV.png","datePublished":"2023-07-24T09:19:19+00:00","description":"Sei dabei wenn wir die Industrie digitalisieren! Unser Team sucht im Kreis Balingen nach Verst\u00e4rkung. Nicht lange warten: Schreib uns an!","breadcrumb":{"@id":"https:\/\/www.intec-international.com\/karriere\/#breadcrumb"},"inLanguage":"en-GB","potentialAction":[{"@type":"ReadAction","target":["https:\/\/www.intec-international.com\/karriere\/"]}]},{"@type":"ImageObject","inLanguage":"en-GB","@id":"https:\/\/www.intec-international.com\/karriere\/#primaryimage","url":"https:\/\/www.intec-international.com\/wp-content\/uploads\/2021\/12\/VWLuBAV.png","contentUrl":"https:\/\/www.intec-international.com\/wp-content\/uploads\/2021\/12\/VWLuBAV.png"},{"@type":"BreadcrumbList","@id":"https:\/\/www.intec-international.com\/karriere\/#breadcrumb","itemListElement":[{"@type":"ListItem","position":1,"name":"Startseite","item":"https:\/\/www.intec-international.com\/"},{"@type":"ListItem","position":2,"name":"Sei dabei, wenn wir die Industrie digitalisieren!"}]},{"@type":"WebSite","@id":"https:\/\/www.intec-international.com\/#website","url":"https:\/\/www.intec-international.com\/","name":"INTEC International GmbH","description":"MDE &amp; Remote Service - Digitalisierung der Produktion - INTEC","publisher":{"@id":"https:\/\/www.intec-international.com\/#organization"},"potentialAction":[{"@type":"SearchAction","target":{"@type":"EntryPoint","urlTemplate":"https:\/\/www.intec-international.com\/?s={search_term_string}"},"query-input":{"@type":"PropertyValueSpecification","valueRequired":true,"valueName":"search_term_string"}}],"inLanguage":"en-GB"},{"@type":"Organization","@id":"https:\/\/www.intec-international.com\/#organization","name":"INTEC International GmbH","url":"https:\/\/www.intec-international.com\/","logo":{"@type":"ImageObject","inLanguage":"en-GB","@id":"https:\/\/www.intec-international.com\/#\/schema\/logo\/image\/","url":"https:\/\/www.intec-international.com\/wp-content\/uploads\/2020\/10\/cropped-INTEC-ohne-Hintergrund.gif","contentUrl":"https:\/\/www.intec-international.com\/wp-content\/uploads\/2020\/10\/cropped-INTEC-ohne-Hintergrund.gif","width":574,"height":369,"caption":"INTEC International GmbH"},"image":{"@id":"https:\/\/www.intec-international.com\/#\/schema\/logo\/image\/"}}]}},"_links":{"self":[{"href":"https:\/\/www.intec-international.com\/en\/wp-json\/wp\/v2\/pages\/8183","targetHints":{"allow":["GET"]}}],"collection":[{"href":"https:\/\/www.intec-international.com\/en\/wp-json\/wp\/v2\/pages"}],"about":[{"href":"https:\/\/www.intec-international.com\/en\/wp-json\/wp\/v2\/types\/page"}],"author":[{"embeddable":true,"href":"https:\/\/www.intec-international.com\/en\/wp-json\/wp\/v2\/users\/8"}],"replies":[{"embeddable":true,"href":"https:\/\/www.intec-international.com\/en\/wp-json\/wp\/v2\/comments?post=8183"}],"version-history":[{"count":4,"href":"https:\/\/www.intec-international.com\/en\/wp-json\/wp\/v2\/pages\/8183\/revisions"}],"predecessor-version":[{"id":8271,"href":"https:\/\/www.intec-international.com\/en\/wp-json\/wp\/v2\/pages\/8183\/revisions\/8271"}],"wp:attachment":[{"href":"https:\/\/www.intec-international.com\/en\/wp-json\/wp\/v2\/media?parent=8183"}],"curies":[{"name":"wp","href":"https:\/\/api.w.org\/{rel}","templated":true}]}}